{"id":8526,"date":"2024-10-27T19:37:41","date_gmt":"2024-10-27T18:37:41","guid":{"rendered":"https:\/\/amigosmuseotraje.com\/?post_type=tribe_events&#038;p=8526"},"modified":"2024-10-28T09:41:34","modified_gmt":"2024-10-28T08:41:34","slug":"visita-museo-provincial-del-traje-popular-moron-de-almazan-soria","status":"publish","type":"tribe_events","link":"https:\/\/amigosmuseotraje.com\/en\/event\/visita-museo-provincial-del-traje-popular-moron-de-almazan-soria\/","title":{"rendered":"Visita Museo Provincial del Traje Popular (Mor\u00f3n de Almaz\u00e1n, Soria)"},"content":{"rendered":"<p>El <a href=\"https:\/\/www.museotrajepopularsoriano.es\/\">Museo Provincial del Traje Popular<\/a>, en Mor\u00f3n de Almaz\u00e1n (Soria) fue creado por iniciativa de la Diputaci\u00f3n Provincial de Soria e inaugurado en el a\u00f1o 2012.<\/p>\n<p>El Museo ocupa el Palacio de los Mendoza en el centro de la Plaza Mayor de Mor\u00f3n de Almaz\u00e1n, considerada uno de los m\u00e1s bellos conjuntos arquitect\u00f3nicos del Renacimiento espa\u00f1ol. Este edificio se ha convertido en depositario de la generosidad de los sorianos que, al ceder las prendas que sus antepasados guardaron en las arcas a lo largo de los a\u00f1os, han hecho posible este Museo, preservando con ello la expresi\u00f3n m\u00e1s \u00edntima de nuestra forma de ser, nuestra econom\u00eda, nuestra historia y, en definitiva, nuestra cultura.<\/p>\n<p>Sus objetivos se centran en la conservaci\u00f3n y protecci\u00f3n del vestido popular y en la promoci\u00f3n de su conocimiento como patrimonio etnol\u00f3gico, mostrando una realidad hist\u00f3rica. De igual manera, sirve para contemplar el an\u00e1lisis de las implicaciones culturales sociales y econ\u00f3micas de la indumentaria e intenta potenciar la investigaci\u00f3n en el \u00e1mbito etnol\u00f3gico e, incluso, su influencia en el dise\u00f1o de la moda contempor\u00e1nea.<\/p>\n<h2>La Colecci\u00f3n<\/h2>\n<p>El Museo del Traje Popular atesora un variado conjunto de colecciones\u00a0cuyos contenidos engloban objetos\u00a0y prendas de \u00edndole diversa, aunque manteniendo la unidad que les aporta estar relacionados con el modo de vestir y el entorno de \u00e9pocas pasadas. Responden a las necesidades de una sociedad que ya ha desaparecido: prendas de uso diario, prendas para las galas, el ajuar, joyer\u00eda y complementos as\u00ed como los materiales y herramientas necesarias para la elaboraci\u00f3n de las telas. Trajes rituales, estampas y fotos antiguas as\u00ed como audiovisuales documentan y enriquecen la colecci\u00f3n.<\/p>\n<p>Los fondos muse\u00edsticos\u00a0proceden de colecciones particulares y\u00a0han sido recopilados gracias\u00a0a la labor realizada por el\u00a0Departamento de Cultura de la Diputaci\u00f3n Provincial. Estos fondos siguen creciendo en n\u00famero y variedad d\u00eda a d\u00eda.<\/p>\n<h2>Visita<\/h2>\n<p>Estamos organizando un viaje el pr\u00f3ximo 9 de noviembre al Museo Provincial del Traje Popular, en Mor\u00f3n de Almaz\u00e1n. Todas las personas interesadas nos lo pod\u00e9is hacer saber para ver si puede salir el viaje: <a href=\"mailto:info@amigosmuseotraje.com\" target=\"_blank\" rel=\"noopener\"> enviar email<\/a><\/p>","protected":false},"excerpt":{"rendered":"<p>El Museo Provincial del Traje Popular, en Mor\u00f3n de Almaz\u00e1n (Soria) fue creado por iniciativa de la Diputaci\u00f3n Provincial de Soria e inaugurado en el a\u00f1o 2012. El [&hellip;]<\/p>\n","protected":false},"author":1,"featured_media":0,"template":"","meta":{"_tribe_events_status":"","_tribe_events_status_reason":"","footnotes":""},"tags":[],"tribe_events_cat":[],"class_list":["post-8526","tribe_events","type-tribe_events","status-publish","hentry"],"_links":{"self":[{"href":"https:\/\/amigosmuseotraje.com\/en\/wp-json\/wp\/v2\/tribe_events\/8526","targetHints":{"allow":["GET"]}}],"collection":[{"href":"https:\/\/amigosmuseotraje.com\/en\/wp-json\/wp\/v2\/tribe_events"}],"about":[{"href":"https:\/\/amigosmuseotraje.com\/en\/wp-json\/wp\/v2\/types\/tribe_events"}],"author":[{"embeddable":true,"href":"https:\/\/amigosmuseotraje.com\/en\/wp-json\/wp\/v2\/users\/1"}],"version-history":[{"count":5,"href":"https:\/\/amigosmuseotraje.com\/en\/wp-json\/wp\/v2\/tribe_events\/8526\/revisions"}],"predecessor-version":[{"id":8589,"href":"https:\/\/amigosmuseotraje.com\/en\/wp-json\/wp\/v2\/tribe_events\/8526\/revisions\/8589"}],"wp:attachment":[{"href":"https:\/\/amigosmuseotraje.com\/en\/wp-json\/wp\/v2\/media?parent=8526"}],"wp:term":[{"taxonomy":"post_tag","embeddable":true,"href":"https:\/\/amigosmuseotraje.com\/en\/wp-json\/wp\/v2\/tags?post=8526"},{"taxonomy":"tribe_events_cat","embeddable":true,"href":"https:\/\/amigosmuseotraje.com\/en\/wp-json\/wp\/v2\/tribe_events_cat?post=8526"}],"curies":[{"name":"wp","href":"https:\/\/api.w.org\/{rel}","templated":true}]}}