{"id":8673,"date":"2025-01-12T18:47:08","date_gmt":"2025-01-12T17:47:08","guid":{"rendered":"https:\/\/amigosmuseotraje.com\/?post_type=tribe_events&#038;p=8673"},"modified":"2025-01-12T18:47:08","modified_gmt":"2025-01-12T17:47:08","slug":"visita-guiada-a-la-exposicion-ferrater-foto-moda-fuerza","status":"publish","type":"tribe_events","link":"https:\/\/amigosmuseotraje.com\/en\/event\/visita-guiada-a-la-exposicion-ferrater-foto-moda-fuerza\/","title":{"rendered":"Visita guiada a la exposici\u00f3n &#8216;Ferrater.Foto.Moda.Fuerza&#8217;"},"content":{"rendered":"<p>El Museo del Traje. Centro de Investigaci\u00f3n del Patrimonio Etnol\u00f3gico, museo de titularidad estatal del Ministerio de Cultura, inaugura la exposici\u00f3n temporal \u2018Ferrater.Foto.Moda.Fuerza\u2019, comisariada por Clara Ber\u00e1stegui, responsable de la colecci\u00f3n de fotograf\u00eda del Museo del Traje, y Jos\u00e9 Manuel Ferrater, fot\u00f3grafo de moda.<\/p>\n<p>La exposici\u00f3n Ferrater.Foto.Moda.Fuerza se proyecta como una retrospectiva sobre Jos\u00e9 Manuel Ferrater, uno de los fot\u00f3grafos de moda m\u00e1s importantes de nuestro pa\u00eds y a su vez nos permite reflexionar sobre los sistemas de difusi\u00f3n de la moda y su influencia en la sociedad.<\/p>\n<p>La Fuerza, el leitmotiv de Ferrater, ser\u00e1 el hilo conductor para esta exposici\u00f3n antol\u00f3gica sobre un autor que, con su personal visi\u00f3n sobre la libertad creativa, fue desde los a\u00f1os setenta uno de los primeros en potenciar y revolucionar esta expresi\u00f3n art\u00edstica en Espa\u00f1a. La frase, recurrente en el sector, \u00abEnc\u00e1rgale a Ferrater lo que quieres, que \u00e9l har\u00e1 lo que le d\u00e9 la gana\u00bb define su car\u00e1cter libre y rebelde.<\/p>","protected":false},"excerpt":{"rendered":"<p>El Museo del Traje. Centro de Investigaci\u00f3n del Patrimonio Etnol\u00f3gico, museo de titularidad estatal del Ministerio de Cultura, inaugura la exposici\u00f3n temporal \u2018Ferrater.Foto.Moda.Fuerza\u2019, comisariada por Clara Ber\u00e1stegui, responsable [&hellip;]<\/p>\n","protected":false},"author":1,"featured_media":0,"template":"","meta":{"_tribe_events_status":"","_tribe_events_status_reason":"","footnotes":""},"tags":[],"tribe_events_cat":[],"class_list":["post-8673","tribe_events","type-tribe_events","status-publish","hentry"],"_links":{"self":[{"href":"https:\/\/amigosmuseotraje.com\/en\/wp-json\/wp\/v2\/tribe_events\/8673","targetHints":{"allow":["GET"]}}],"collection":[{"href":"https:\/\/amigosmuseotraje.com\/en\/wp-json\/wp\/v2\/tribe_events"}],"about":[{"href":"https:\/\/amigosmuseotraje.com\/en\/wp-json\/wp\/v2\/types\/tribe_events"}],"author":[{"embeddable":true,"href":"https:\/\/amigosmuseotraje.com\/en\/wp-json\/wp\/v2\/users\/1"}],"version-history":[{"count":1,"href":"https:\/\/amigosmuseotraje.com\/en\/wp-json\/wp\/v2\/tribe_events\/8673\/revisions"}],"predecessor-version":[{"id":8674,"href":"https:\/\/amigosmuseotraje.com\/en\/wp-json\/wp\/v2\/tribe_events\/8673\/revisions\/8674"}],"wp:attachment":[{"href":"https:\/\/amigosmuseotraje.com\/en\/wp-json\/wp\/v2\/media?parent=8673"}],"wp:term":[{"taxonomy":"post_tag","embeddable":true,"href":"https:\/\/amigosmuseotraje.com\/en\/wp-json\/wp\/v2\/tags?post=8673"},{"taxonomy":"tribe_events_cat","embeddable":true,"href":"https:\/\/amigosmuseotraje.com\/en\/wp-json\/wp\/v2\/tribe_events_cat?post=8673"}],"curies":[{"name":"wp","href":"https:\/\/api.w.org\/{rel}","templated":true}]}}